{"id":2335,"date":"2026-04-09T02:47:39","date_gmt":"2026-04-09T02:47:39","guid":{"rendered":"https:\/\/hudsoncreativehub.org\/?post_type=tribe_events&#038;p=2335"},"modified":"2026-04-15T17:55:45","modified_gmt":"2026-04-15T17:55:45","slug":"tous-les-temps-perdus-miriam-sekhon-liza-miller","status":"publish","type":"tribe_events","link":"https:\/\/hudsoncreativehub.org\/fr\/event\/tous-les-temps-perdus-miriam-sekhon-liza-miller\/","title":{"rendered":"Concert \u2013 Tous les temps perdus avec Miriam Sekhon et Liza Miller"},"content":{"rendered":"<h3>Une vie d\u2019amiti\u00e9 en musique, du cabaret \u00e0 la chanson moderne.<\/h3>\n<p>Miriam Sekhon et Liza Miller se connaissent depuis l\u2019enfance. Elles ont grandi \u00e0 Moscou, c\u00f4te \u00e0 c\u00f4te, bien avant que la musique ne devienne une exp\u00e9rience qu\u2019elles partageraient sur sc\u00e8ne.<\/p>\n<p>Apr\u00e8s l\u2019invasion de l\u2019Ukraine par la Russie, elles ont chacune quitt\u00e9 le pays et, par hasard, se sont toutes deux install\u00e9es \u00e0 Montr\u00e9al.<\/p>\n<p>Bien qu\u2019elles soient amies depuis toujours, c\u2019est ici qu\u2019elles sont devenues partenaires musicales, d\u00e9couvrant dans cette proximit\u00e9 une nouvelle forme de r\u00e9confort \u2014 quelque chose de stable, d\u2019instinctif et de profond\u00e9ment familier.<\/p>\n<p>Le temps d\u2019une soir\u00e9e, elles transforment l\u2019espace en piano-bar \u2014 un salon qui traverse les langues et le XXe si\u00e8cle. Le programme navigue entre jazz, chanson et musique de film, port\u00e9 par une aisance naturelle, une douceur espi\u00e8gle et une pr\u00e9sence sc\u00e9nique fond\u00e9e sur la confiance. Entre elles, une compr\u00e9hension qui a rarement besoin de mots.<\/p>\n<!--themify_builder_content-->\n<div id=\"themify_builder_content-2335\" data-postid=\"2335\" class=\"themify_builder_content themify_builder_content-2335 themify_builder tf_clear\">\n                    <div  data-lazy=\"1\" class=\"module_row themify_builder_row tb_35pw829 tb_first tf_w\">\n                        <div class=\"row_inner col_align_top tb_col_count_3 tf_box tf_rel\">\n                        <div  data-lazy=\"1\" class=\"module_column tb-column col3-1 tb_k4pm830 first\">\n                    <!-- module video -->\n<div  class=\"module module-video tb_aq89469 video-top\" data-lazy=\"1\">\n                    <div class=\"video-wrap-outer\">\n            <div class=\"video-wrap tf_rel tf_overflow\">\n                                    <noscript><iframe data-no-script src=\"https:\/\/www.youtube.com\/embed\/h6QZhcIb7yA?pip=1&#038;playsinline=1&#038;si=tPPZLxZXRM_1d081\" allow=\"accelerometer;encrypted-media;gyroscope;picture-in-picture;fullscreen\" class=\"tf_abs tf_w tf_h\"><\/iframe><\/noscript>\n                                <\/div>\n            <!-- \/video-wrap -->\n        <\/div>\n        <!-- \/video-wrap-outer -->\n            <\/div>\n        <\/div>\n                    <div  data-lazy=\"1\" class=\"module_column tb-column col3-1 tb_1jc0830\">\n                    <!-- module video -->\n<div  class=\"module module-video tb_lfih446 video-top\" data-lazy=\"1\">\n                    <div class=\"video-wrap-outer\">\n            <div class=\"video-wrap tf_rel tf_overflow\">\n                                    <noscript><iframe data-no-script src=\"https:\/\/www.youtube.com\/embed\/XJJqIT6aH0w?pip=1&#038;playsinline=1&#038;si=4PSGKgcckhKCkYSP\" allow=\"accelerometer;encrypted-media;gyroscope;picture-in-picture;fullscreen\" class=\"tf_abs tf_w tf_h\"><\/iframe><\/noscript>\n                                <\/div>\n            <!-- \/video-wrap -->\n        <\/div>\n        <!-- \/video-wrap-outer -->\n            <\/div>\n        <\/div>\n                    <div  data-lazy=\"1\" class=\"module_column tb-column col3-1 tb_67kc830 last\">\n                    <!-- module video -->\n<div  class=\"module module-video tb_cy8023 video-top\" data-lazy=\"1\">\n                    <div class=\"video-wrap-outer\">\n            <div class=\"video-wrap tf_rel tf_overflow\">\n                                    <noscript><iframe data-no-script src=\"https:\/\/www.youtube.com\/embed\/VAvYuQ0PKxQ?pip=1&#038;playsinline=1&#038;si=990qs8Q8RVBrbP4N\" allow=\"accelerometer;encrypted-media;gyroscope;picture-in-picture;fullscreen\" class=\"tf_abs tf_w tf_h\"><\/iframe><\/noscript>\n                                <\/div>\n            <!-- \/video-wrap -->\n        <\/div>\n        <!-- \/video-wrap-outer -->\n            <\/div>\n        <\/div>\n                        <\/div>\n        <\/div>\n                        <div  data-lazy=\"1\" class=\"module_row themify_builder_row tb_qmpi893 tf_w\">\n                        <div class=\"row_inner col_align_top tb_col_count_1 tf_box tf_rel\">\n                        <div  data-lazy=\"1\" class=\"module_column tb-column col-full tb_kl2h894 first\">\n                            <div  data-lazy=\"1\" class=\"module_subrow themify_builder_sub_row tf_w col_align_top tb_col_count_1 tb_k04t490\">\n                <div  data-lazy=\"1\" class=\"module_column sub_column col-full tb_qwg4490 first\">\n                            <\/div>\n                    <\/div>\n        <!-- module text -->\n<div  class=\"module module-text tb_asn7943\" data-lazy=\"1\">\n        <div  class=\"tb_text_wrap\">\n        <p>\u00a0<\/p>\n<p style=\"margin-bottom: 16px; font-size: 16px; line-height: 1.5;\">Miriam se produit au th\u00e9\u00e2tre, au cin\u00e9ma et en concert depuis l\u2019\u00e2ge de 16 ans, \u00e0 Moscou et \u00e0 travers l\u2019Europe. Liza, form\u00e9e en France, \u00e0 Moscou et aux \u00c9tats-Unis, est aujourd\u2019hui professeure \u00e0 l\u2019Universit\u00e9 McGill et se produit dans des festivals \u00e0 l\u2019international.<\/p>\n<p><span style=\"background-color: rgba(0, 0, 0, 0);\">C\u2019est une soir\u00e9e habit\u00e9e, chaleureuse et intime, un peu comme en famille, o\u00f9 la musique devient une mani\u00e8re d\u2019\u00eatre ensemble.<\/span><\/p>    <\/div>\n<\/div>\n<!-- \/module text --><!-- module plain text -->\n<div  class=\"module module-plain-text tb_n66h369\" data-lazy=\"1\">\n        <div class=\"tb_text_wrap\">\n    <div style=\"position:relative;overflow:hidden;height:450px;width:100%;padding-top:450px;\"><iframe title='Formulaire de don propuls\u00e9 par Zeffy' style='position: absolute; border: 0; top:0;left:0;bottom:0;right:0;width:100%;height:100%' src='https:\/\/www.zeffy.com\/embed\/ticketing\/tous-les-temps-perdus-miriam-sekhon-and-liza-miller' allowpaymentrequest allowtransparency=\"true\"><\/iframe><\/div>    <\/div>\n<\/div>\n<!-- \/module plain text -->        <\/div>\n                        <\/div>\n        <\/div>\n        <\/div>\n<!--\/themify_builder_content-->","protected":false},"excerpt":{"rendered":"<p>A Lifetime of Friendship in Song: From Cabaret to Modern Chanson Miriam Sekhon and Liza Miller have known each other since childhood. They grew up in Moscow, side by side, [&hellip;]<\/p>\n","protected":false},"author":5,"featured_media":2339,"template":"","meta":{"_price":"","_stock":"","_tribe_ticket_header":"","_tribe_default_ticket_provider":"","_tribe_ticket_capacity":"0","_ticket_start_date":"","_ticket_end_date":"","_tribe_ticket_show_description":"","_tribe_ticket_show_not_going":false,"_tribe_ticket_use_global_stock":"","_tribe_ticket_global_stock_level":"","_global_stock_mode":"","_global_stock_cap":"","_tribe_rsvp_for_event":"","_tribe_ticket_going_count":"","_tribe_ticket_not_going_count":"","_tribe_tickets_list":"[]","_tribe_ticket_has_attendee_info_fields":false,"_tribe_events_status":"","_tribe_events_status_reason":"","footnotes":"","_tec_slr_enabled":"","_tec_slr_layout":""},"tags":[72,74,75,73],"tribe_events_cat":[47],"class_list":["post-2335","tribe_events","type-tribe_events","status-publish","has-post-thumbnail","hentry","tag-cabaret","tag-chanson","tag-film-music","tag-jazz","tribe_events_cat-concert","cat_concert","has-post-title","has-post-date","has-post-category","has-post-tag","has-post-comment","has-post-author",""],"yoast_head":"<!-- This site is optimized with the Yoast SEO plugin v27.5 - https:\/\/yoast.com\/product\/yoast-seo-wordpress\/ -->\n<title>Concert - Tous Les Temps Perdus with Miriam Sekhon &amp; Liza Miller - Hudson Creative Hub<\/title>\n<meta name=\"robots\" content=\"index, follow, max-snippet:-1, max-image-preview:large, max-video-preview:-1\" \/>\n<link rel=\"canonical\" href=\"https:\/\/hudsoncreativehub.org\/fr\/event\/tous-les-temps-perdus-miriam-sekhon-liza-miller\/\" \/>\n<meta property=\"og:locale\" content=\"fr_CA\" \/>\n<meta property=\"og:type\" content=\"article\" \/>\n<meta property=\"og:title\" content=\"Concert - Tous Les Temps Perdus with Miriam Sekhon &amp; Liza Miller - Hudson Creative Hub\" \/>\n<meta property=\"og:description\" content=\"A Lifetime of Friendship in Song: From Cabaret to Modern Chanson Miriam Sekhon and Liza Miller have known each other since childhood. They grew up in Moscow, side by side, [&hellip;]\" \/>\n<meta property=\"og:url\" content=\"https:\/\/hudsoncreativehub.org\/fr\/event\/tous-les-temps-perdus-miriam-sekhon-liza-miller\/\" \/>\n<meta property=\"og:site_name\" content=\"Hudson Creative Hub\" \/>\n<meta property=\"article:modified_time\" content=\"2026-04-15T17:55:45+00:00\" \/>\n<meta property=\"og:image\" content=\"https:\/\/hudsoncreativehub.org\/wp-content\/uploads\/2026\/04\/Tous-les-temps-perdus.jpg\" \/>\n\t<meta property=\"og:image:width\" content=\"1640\" \/>\n\t<meta property=\"og:image:height\" content=\"924\" \/>\n\t<meta property=\"og:image:type\" content=\"image\/jpeg\" \/>\n<meta name=\"twitter:card\" content=\"summary_large_image\" \/>\n<meta name=\"twitter:label1\" content=\"Estimation du temps de lecture\" \/>\n\t<meta name=\"twitter:data1\" content=\"2 minutes\" \/>\n<script type=\"application\/ld+json\" class=\"yoast-schema-graph\">{\"@context\":\"https:\\\/\\\/schema.org\",\"@graph\":[{\"@type\":\"WebPage\",\"@id\":\"https:\\\/\\\/hudsoncreativehub.org\\\/event\\\/tous-les-temps-perdus-miriam-sekhon-liza-miller\\\/\",\"url\":\"https:\\\/\\\/hudsoncreativehub.org\\\/event\\\/tous-les-temps-perdus-miriam-sekhon-liza-miller\\\/\",\"name\":\"Concert - Tous Les Temps Perdus with Miriam Sekhon & Liza Miller - Hudson Creative Hub\",\"isPartOf\":{\"@id\":\"https:\\\/\\\/hudsoncreativehub.org\\\/#website\"},\"primaryImageOfPage\":{\"@id\":\"https:\\\/\\\/hudsoncreativehub.org\\\/event\\\/tous-les-temps-perdus-miriam-sekhon-liza-miller\\\/#primaryimage\"},\"image\":{\"@id\":\"https:\\\/\\\/hudsoncreativehub.org\\\/event\\\/tous-les-temps-perdus-miriam-sekhon-liza-miller\\\/#primaryimage\"},\"thumbnailUrl\":\"https:\\\/\\\/hudsoncreativehub.org\\\/wp-content\\\/uploads\\\/2026\\\/04\\\/Tous-les-temps-perdus.jpg\",\"datePublished\":\"2026-04-09T02:47:39+00:00\",\"dateModified\":\"2026-04-15T17:55:45+00:00\",\"breadcrumb\":{\"@id\":\"https:\\\/\\\/hudsoncreativehub.org\\\/event\\\/tous-les-temps-perdus-miriam-sekhon-liza-miller\\\/#breadcrumb\"},\"inLanguage\":\"fr-CA\",\"potentialAction\":[{\"@type\":\"ReadAction\",\"target\":[\"https:\\\/\\\/hudsoncreativehub.org\\\/event\\\/tous-les-temps-perdus-miriam-sekhon-liza-miller\\\/\"]}]},{\"@type\":\"ImageObject\",\"inLanguage\":\"fr-CA\",\"@id\":\"https:\\\/\\\/hudsoncreativehub.org\\\/event\\\/tous-les-temps-perdus-miriam-sekhon-liza-miller\\\/#primaryimage\",\"url\":\"https:\\\/\\\/hudsoncreativehub.org\\\/wp-content\\\/uploads\\\/2026\\\/04\\\/Tous-les-temps-perdus.jpg\",\"contentUrl\":\"https:\\\/\\\/hudsoncreativehub.org\\\/wp-content\\\/uploads\\\/2026\\\/04\\\/Tous-les-temps-perdus.jpg\",\"width\":1640,\"height\":924},{\"@type\":\"BreadcrumbList\",\"@id\":\"https:\\\/\\\/hudsoncreativehub.org\\\/event\\\/tous-les-temps-perdus-miriam-sekhon-liza-miller\\\/#breadcrumb\",\"itemListElement\":[{\"@type\":\"ListItem\",\"position\":1,\"name\":\"Home\",\"item\":\"https:\\\/\\\/hudsoncreativehub.org\\\/\"},{\"@type\":\"ListItem\",\"position\":2,\"name\":\"Events\",\"item\":\"https:\\\/\\\/hudsoncreativehub.org\\\/events-2\\\/\"},{\"@type\":\"ListItem\",\"position\":3,\"name\":\"Concert &#8211; Tous Les Temps Perdus with Miriam Sekhon &#038; Liza Miller\"}]},{\"@type\":\"WebSite\",\"@id\":\"https:\\\/\\\/hudsoncreativehub.org\\\/#website\",\"url\":\"https:\\\/\\\/hudsoncreativehub.org\\\/\",\"name\":\"Hudson Creative Hub\",\"description\":\"Creative Space for the Community\",\"potentialAction\":[{\"@type\":\"SearchAction\",\"target\":{\"@type\":\"EntryPoint\",\"urlTemplate\":\"https:\\\/\\\/hudsoncreativehub.org\\\/?s={search_term_string}\"},\"query-input\":{\"@type\":\"PropertyValueSpecification\",\"valueRequired\":true,\"valueName\":\"search_term_string\"}}],\"inLanguage\":\"fr-CA\"}]}<\/script>\n<!-- \/ Yoast SEO plugin. -->","yoast_head_json":{"title":"Concert - Tous Les Temps Perdus with Miriam Sekhon & Liza Miller - Hudson Creative Hub","robots":{"index":"index","follow":"follow","max-snippet":"max-snippet:-1","max-image-preview":"max-image-preview:large","max-video-preview":"max-video-preview:-1"},"canonical":"https:\/\/hudsoncreativehub.org\/fr\/event\/tous-les-temps-perdus-miriam-sekhon-liza-miller\/","og_locale":"fr_CA","og_type":"article","og_title":"Concert - Tous Les Temps Perdus with Miriam Sekhon & Liza Miller - Hudson Creative Hub","og_description":"A Lifetime of Friendship in Song: From Cabaret to Modern Chanson Miriam Sekhon and Liza Miller have known each other since childhood. They grew up in Moscow, side by side, [&hellip;]","og_url":"https:\/\/hudsoncreativehub.org\/fr\/event\/tous-les-temps-perdus-miriam-sekhon-liza-miller\/","og_site_name":"Hudson Creative Hub","article_modified_time":"2026-04-15T17:55:45+00:00","og_image":[{"width":1640,"height":924,"url":"https:\/\/hudsoncreativehub.org\/wp-content\/uploads\/2026\/04\/Tous-les-temps-perdus.jpg","type":"image\/jpeg"}],"twitter_card":"summary_large_image","twitter_misc":{"Estimation du temps de lecture":"2 minutes"},"schema":{"@context":"https:\/\/schema.org","@graph":[{"@type":"WebPage","@id":"https:\/\/hudsoncreativehub.org\/event\/tous-les-temps-perdus-miriam-sekhon-liza-miller\/","url":"https:\/\/hudsoncreativehub.org\/event\/tous-les-temps-perdus-miriam-sekhon-liza-miller\/","name":"Concert - Tous Les Temps Perdus with Miriam Sekhon & Liza Miller - Hudson Creative Hub","isPartOf":{"@id":"https:\/\/hudsoncreativehub.org\/#website"},"primaryImageOfPage":{"@id":"https:\/\/hudsoncreativehub.org\/event\/tous-les-temps-perdus-miriam-sekhon-liza-miller\/#primaryimage"},"image":{"@id":"https:\/\/hudsoncreativehub.org\/event\/tous-les-temps-perdus-miriam-sekhon-liza-miller\/#primaryimage"},"thumbnailUrl":"https:\/\/hudsoncreativehub.org\/wp-content\/uploads\/2026\/04\/Tous-les-temps-perdus.jpg","datePublished":"2026-04-09T02:47:39+00:00","dateModified":"2026-04-15T17:55:45+00:00","breadcrumb":{"@id":"https:\/\/hudsoncreativehub.org\/event\/tous-les-temps-perdus-miriam-sekhon-liza-miller\/#breadcrumb"},"inLanguage":"fr-CA","potentialAction":[{"@type":"ReadAction","target":["https:\/\/hudsoncreativehub.org\/event\/tous-les-temps-perdus-miriam-sekhon-liza-miller\/"]}]},{"@type":"ImageObject","inLanguage":"fr-CA","@id":"https:\/\/hudsoncreativehub.org\/event\/tous-les-temps-perdus-miriam-sekhon-liza-miller\/#primaryimage","url":"https:\/\/hudsoncreativehub.org\/wp-content\/uploads\/2026\/04\/Tous-les-temps-perdus.jpg","contentUrl":"https:\/\/hudsoncreativehub.org\/wp-content\/uploads\/2026\/04\/Tous-les-temps-perdus.jpg","width":1640,"height":924},{"@type":"BreadcrumbList","@id":"https:\/\/hudsoncreativehub.org\/event\/tous-les-temps-perdus-miriam-sekhon-liza-miller\/#breadcrumb","itemListElement":[{"@type":"ListItem","position":1,"name":"Home","item":"https:\/\/hudsoncreativehub.org\/"},{"@type":"ListItem","position":2,"name":"Events","item":"https:\/\/hudsoncreativehub.org\/events-2\/"},{"@type":"ListItem","position":3,"name":"Concert &#8211; Tous Les Temps Perdus with Miriam Sekhon &#038; Liza Miller"}]},{"@type":"WebSite","@id":"https:\/\/hudsoncreativehub.org\/#website","url":"https:\/\/hudsoncreativehub.org\/","name":"Centre Cr\u00e9atif Hudson","description":"Creative Space for the Community","potentialAction":[{"@type":"SearchAction","target":{"@type":"EntryPoint","urlTemplate":"https:\/\/hudsoncreativehub.org\/?s={search_term_string}"},"query-input":{"@type":"PropertyValueSpecification","valueRequired":true,"valueName":"search_term_string"}}],"inLanguage":"fr-CA"}]}},"builder_content":"[embed]https:\/\/youtu.be\/h6QZhcIb7yA?si=tPPZLxZXRM_1d081[\/embed]\n[embed]https:\/\/youtu.be\/XJJqIT6aH0w?si=4PSGKgcckhKCkYSP[\/embed]\n[embed]https:\/\/youtu.be\/VAvYuQ0PKxQ?si=990qs8Q8RVBrbP4N[\/embed]\n<p>\u00a0<\/p> <p style=\"margin-bottom: 16px; font-size: 16px; line-height: 1.5;\">Miriam has performed in theatre, film, and concert since the age of 16, across Moscow and Europe. Liza, trained in France, Moscow, and USA, is now a professor at McGill University and performs at festivals internationally.<\/p> <p>This is an evening that feels lived-in, warm, intimate, a little like family, where music becomes a way of being together.<\/p>\n<iframe title='Donation form powered by Zeffy' style='position: absolute; border: 0; top:0;left:0;bottom:0;right:0;width:100%;height:100%' src='https:\/\/www.zeffy.com\/embed\/ticketing\/tous-les-temps-perdus-miriam-sekhon-and-liza-miller' allowpaymentrequest allowTransparency=\"true\"><\/iframe>","ticketed":false,"_links":{"self":[{"href":"https:\/\/hudsoncreativehub.org\/fr\/wp-json\/wp\/v2\/tribe_events\/2335","targetHints":{"allow":["GET"]}}],"collection":[{"href":"https:\/\/hudsoncreativehub.org\/fr\/wp-json\/wp\/v2\/tribe_events"}],"about":[{"href":"https:\/\/hudsoncreativehub.org\/fr\/wp-json\/wp\/v2\/types\/tribe_events"}],"author":[{"embeddable":true,"href":"https:\/\/hudsoncreativehub.org\/fr\/wp-json\/wp\/v2\/users\/5"}],"version-history":[{"count":44,"href":"https:\/\/hudsoncreativehub.org\/fr\/wp-json\/wp\/v2\/tribe_events\/2335\/revisions"}],"predecessor-version":[{"id":2517,"href":"https:\/\/hudsoncreativehub.org\/fr\/wp-json\/wp\/v2\/tribe_events\/2335\/revisions\/2517"}],"wp:featuredmedia":[{"embeddable":true,"href":"https:\/\/hudsoncreativehub.org\/fr\/wp-json\/wp\/v2\/media\/2339"}],"wp:attachment":[{"href":"https:\/\/hudsoncreativehub.org\/fr\/wp-json\/wp\/v2\/media?parent=2335"}],"wp:term":[{"taxonomy":"post_tag","embeddable":true,"href":"https:\/\/hudsoncreativehub.org\/fr\/wp-json\/wp\/v2\/tags?post=2335"},{"taxonomy":"tribe_events_cat","embeddable":true,"href":"https:\/\/hudsoncreativehub.org\/fr\/wp-json\/wp\/v2\/tribe_events_cat?post=2335"}],"curies":[{"name":"wp","href":"https:\/\/api.w.org\/{rel}","templated":true}]}}